{"id":33,"date":"2025-05-09T10:23:50","date_gmt":"2025-05-09T10:23:50","guid":{"rendered":"https:\/\/culturalmosaic.liaise-project.eu\/?page_id=33"},"modified":"2025-05-09T10:51:25","modified_gmt":"2025-05-09T10:51:25","slug":"partners","status":"publish","type":"page","link":"https:\/\/culturalmosaic.liaise-project.eu\/mwl\/partners\/","title":{"rendered":"Patn\u00e8"},"content":{"rendered":"<div class=\"wp-block-uagb-container section-img uagb-block-4e28198a alignfull uagb-is-root-container\">\n<figure class=\"wp-block-image size-full\"><img loading=\"lazy\" decoding=\"async\" width=\"2350\" height=\"364\" src=\"https:\/\/culturalmosaic.liaise-project.eu\/wp-content\/uploads\/2025\/05\/8.jpg\" alt=\"8\" class=\"wp-image-19\" srcset=\"https:\/\/culturalmosaic.liaise-project.eu\/wp-content\/uploads\/2025\/05\/8.jpg 2350w, https:\/\/culturalmosaic.liaise-project.eu\/wp-content\/uploads\/2025\/05\/8-300x46.jpg 300w, https:\/\/culturalmosaic.liaise-project.eu\/wp-content\/uploads\/2025\/05\/8-1024x159.jpg 1024w, https:\/\/culturalmosaic.liaise-project.eu\/wp-content\/uploads\/2025\/05\/8-768x119.jpg 768w, https:\/\/culturalmosaic.liaise-project.eu\/wp-content\/uploads\/2025\/05\/8-1536x238.jpg 1536w, https:\/\/culturalmosaic.liaise-project.eu\/wp-content\/uploads\/2025\/05\/8-2048x317.jpg 2048w\" sizes=\"auto, (max-width: 2350px) 100vw, 2350px\" \/><\/figure>\n<\/div>\n\n\n\n<div class=\"wp-block-uagb-container main-page-partners uagb-block-da431a8e alignfull uagb-is-root-container\">\n<h2 class=\"wp-block-heading\">Patn\u00e8<\/h2>\n\n\n\n<div data-aos= \"fade-up\" data-aos-duration=\"400\" data-aos-delay=\"0\" data-aos-easing=\"ease\" data-aos-once=\"true\" class=\"wp-block-uagb-container main-inside-white uagb-block-eea21150 alignfull uagb-is-root-container\">\n<div class=\"wp-block-columns partners-block is-layout-flex wp-container-core-columns-is-layout-9d6595d7 wp-block-columns-is-layout-flex\">\n<div class=\"wp-block-column is-layout-flow wp-block-column-is-layout-flow\" style=\"flex-basis:33.33%\"><div class=\"wp-block-image is-style-default\">\n<figure class=\"aligncenter size-full\"><img decoding=\"async\" src=\"https:\/\/liaise-project.eu\/wp-content\/uploads\/2025\/04\/barreiro.jpg\" alt=\"barreiro\" class=\"wp-image-35\"\/><\/figure><\/div><\/div>\n\n\n\n<div class=\"wp-block-column is-layout-flow wp-block-column-is-layout-flow\" style=\"flex-basis:66.66%\">\n<p class=\"translation-block\"><strong>Agrupamento de Escolas do Barreiro<\/strong> s\u00e9 on l\u00e9k\u00f2l l\u00e9ta ki trov\u00e9 an vil Barreiro, an P\u00f2tigal. I ka ni plizy\u00e8 nivo l\u00e9k\u00f2l : l\u00e9k\u00f2l pou timoun piti, l\u00e9k\u00f2l fondamantal, l\u00e9k\u00f2l pou gran moun \u00e9pi osi on sant f\u00f2masyon pou d\u00e9vlopman pwofesyon\u00e8l pr\u00e8f\u00e9s\u00e8. Tout aksyon l\u00e9k\u00f2l-la ka chach\u00e9 ba l\u00e9 z\u00e9l\u00e8v yo on ledikasyon ki ni bon kalite, dapr\u00e9 prinsip miltilingwis, miltikiltir\u00e8l \u00e9pi met\u00f2d ans\u00e8yman ki inklisif \u00e9pi ki ouv\u00e8 pou tout moun. <br>Pou sav plis :<\/p>\n<\/div>\n<\/div>\n\n\n\n<div class=\"wp-block-columns partners-block is-layout-flex wp-container-core-columns-is-layout-9d6595d7 wp-block-columns-is-layout-flex\">\n<div class=\"wp-block-column is-layout-flow wp-block-column-is-layout-flow\" style=\"flex-basis:33.33%\"><div class=\"wp-block-image is-style-default\">\n<figure class=\"aligncenter size-full\"><img decoding=\"async\" src=\"https:\/\/liaise-project.eu\/wp-content\/uploads\/2025\/04\/idaes.jpg\" alt=\"idaes\" class=\"wp-image-38\"\/><\/figure><\/div><\/div>\n\n\n\n<div class=\"wp-block-column is-layout-flow wp-block-column-is-layout-flow\" style=\"flex-basis:66.66%\">\n<p class=\"translation-block\"><strong>Agrupamento de Escolas de Id\u00e3es<\/strong> s\u00e9 on l\u00e9k\u00f2l l\u00e9ta ki trov\u00e9 an Felgueiras, P\u00f2tigal. Tout inisyativ l\u00e9k\u00f2l-la ka al\u00e9 ansanm \u00e9pi bi pou ankouraj\u00e9 enklizyon \u00e9pi f\u00e8 l\u00e9 z\u00e9l\u00e8v ki s\u00f2ti adan diferan milieux \u00e9dikatif, sosyal, kiltir\u00e8l \u00e9pi langistik p\u00e9 jwenn menm chans. An plis, i ka soutyen r\u00e9yisit l\u00e9 z\u00e9l\u00e8v yo, pa s\u00e8lman an l\u00e9k\u00f2l m\u00e9 osi an vi pwofesyon\u00e8l \u00e9pi sosyal yo, \u00e9pi i ka ankouraj\u00e9 yo pou yo f\u00e8 pati aktivman an lavi sitwayen.<br>Pou sav plis :<\/p>\n<\/div>\n<\/div>\n\n\n\n<div class=\"wp-block-columns partners-block is-layout-flex wp-container-core-columns-is-layout-9d6595d7 wp-block-columns-is-layout-flex\">\n<div class=\"wp-block-column is-layout-flow wp-block-column-is-layout-flow\" style=\"flex-basis:33.33%\"><div class=\"wp-block-image is-style-default\">\n<figure class=\"aligncenter size-full\"><img decoding=\"async\" src=\"https:\/\/liaise-project.eu\/wp-content\/uploads\/2025\/04\/snt-george.jpg\" alt=\"snt george\" class=\"wp-image-37\"\/><\/figure><\/div><\/div>\n\n\n\n<div class=\"wp-block-column is-layout-flow wp-block-column-is-layout-flow\" style=\"flex-basis:66.66%\">\n<p class=\"translation-block\"><strong>Likio Agiou Georgiou Lakatamias<\/strong> s\u00e9 on l\u00e9k\u00f2l segond\u00e8 piblik ki trov\u00e9 an vil Nikoz\u00ec, an Chip. L\u00e9k\u00f2l-la ka m\u00e9t\u00e9 asou r\u00e9yisit l\u00e9 z\u00e9l\u00e8v yo, m\u00e9 osi asou d\u00e9vlopman p\u00e8sonn\u00e8l, sosyal \u00e9pi pwofesyon\u00e8l yo. I ka bay l\u00e9 z\u00e9l\u00e8v la chans aprann adan on lanvironnman ki inklisif \u00e9pi ki ouv\u00e8 pou tout moun. L\u00e9k\u00f2l-la ka f\u00e8 d\u00e9 bel aksyon ki f\u00e8 i kon\u00e8t pa s\u00e8lman an p\u00e9yi a, m\u00e9 osi an nivo l\u2019Ew\u00f2p.<br>Pou sav plis :<\/p>\n<\/div>\n<\/div>\n\n\n\n<div class=\"wp-block-columns partners-block is-layout-flex wp-container-core-columns-is-layout-9d6595d7 wp-block-columns-is-layout-flex\">\n<div class=\"wp-block-column is-layout-flow wp-block-column-is-layout-flow\" style=\"flex-basis:33.33%\"><div class=\"wp-block-image is-style-default\">\n<figure class=\"aligncenter size-full\"><img decoding=\"async\" src=\"https:\/\/liaise-project.eu\/wp-content\/uploads\/2025\/04\/ciara.jpg\" alt=\"ciara\" class=\"wp-image-36\"\/><\/figure><\/div><\/div>\n\n\n\n<div class=\"wp-block-column is-layout-flow wp-block-column-is-layout-flow\" style=\"flex-basis:66.66%\">\n<p class=\"translation-block\"><strong>Comit\u00e9 International Associatif de R\u00e9flexion et Action - Matinik (Fwanse)<\/strong> CIARA s\u00e9 on lasosyasyon Matinik ki ka chach\u00e9 ankouraj\u00e9 \u00e9pi soutyen ent\u00e9grasyon jenn moun ki an difikilt\u00e9 adan l\u00e9k\u00f2l \u00e9pi an sosy\u00e9t\u00e9. Lasosyasyon-an ni l\u00e9ksperyans pou m\u00e9t\u00e9 an plas aksyon pou \u00e9de jenn moun \u00e9pi paran yo f\u00e8 fas \u00e9pi difikilt\u00e9 yo ka jwenn an lavi. CIARA ka f\u00e8 s\u00e9ans akonpayman, f\u00f2masyon \u00e9pi mentorat pou jenn moun, z\u00e9tidyan \u00e9pi pwofesyon\u00e8l.<br>Pou sav plis :<\/p>\n<\/div>\n<\/div>\n\n\n\n<div class=\"wp-block-columns partners-block is-layout-flex wp-container-core-columns-is-layout-9d6595d7 wp-block-columns-is-layout-flex\">\n<div class=\"wp-block-column is-layout-flow wp-block-column-is-layout-flow\" style=\"flex-basis:33.33%\"><div class=\"wp-block-image is-style-default\">\n<figure class=\"aligncenter size-full\"><img decoding=\"async\" src=\"https:\/\/liaise-project.eu\/wp-content\/uploads\/2025\/04\/rbrussels.jpg\" alt=\"rbrussels\" class=\"wp-image-33\"\/><\/figure><\/div><\/div>\n\n\n\n<div class=\"wp-block-column is-layout-flow wp-block-column-is-layout-flow\" style=\"flex-basis:66.66%\">\n<p class=\"translation-block\"><strong>ReadLab Brussels<\/strong> s\u00e9 on \u00f2ganizasyon ki ka f\u00e8 r\u00e9ch\u00e8ch \u00e9pi d\u00e9vlopman an Briks\u00e8l, B\u00e8ljik. Bi \u00f2ganizasyon-an s\u00e9 pou soutyen l\u00e9k\u00f2l (ki ofisy\u00e8l m\u00e9 osi ki pa ofisy\u00e8l) an plizy\u00e8 dom\u00e8n, \u00e9pi pou ba yo asistans t\u00e9knik. Gras \u00e9pi angajman li an plizy\u00e8 pwoj\u00e9 \u00e9dikatif, ReadLab Brussels riv\u00e9 m\u00e9t\u00e9 on bel enpak asou mond ledikasyon-an, an chach\u00e9 plis enklizyon, aks\u00e8 \u00e9pi d\u00e9vlopman.<br>Pou sav plis :<\/p>\n<\/div>\n<\/div>\n\n\n\n<div class=\"wp-block-columns partners-block is-layout-flex wp-container-core-columns-is-layout-9d6595d7 wp-block-columns-is-layout-flex\">\n<div class=\"wp-block-column is-layout-flow wp-block-column-is-layout-flow\" style=\"flex-basis:33.33%\"><div class=\"wp-block-image is-style-default\">\n<figure class=\"aligncenter size-full\"><img decoding=\"async\" src=\"https:\/\/liaise-project.eu\/wp-content\/uploads\/2025\/04\/mkosmos.jpg\" alt=\"mkosmos\" class=\"wp-image-39\"\/><\/figure><\/div><\/div>\n\n\n\n<div class=\"wp-block-column is-layout-flow wp-block-column-is-layout-flow\" style=\"flex-basis:66.66%\">\n<p class=\"translation-block\"><strong>Microkosmos<\/strong> s\u00e9 on lasosyasyon kiltir\u00e8l \u00e9pi \u00e9dikatif ki pa ka chach\u00e9 f\u00e8 pwofi, ki trov\u00e9 an vil Turin, Itali. Travay lasosyasyon-an ka poz\u00e9 asou prinsip d\u00e9vlopman dirab, aks\u00e8 pou tout moun \u00e9pi enklizyon. I ka soutyen egalit\u00e9 pou tout moun jwenn aks\u00e8 an l\u00e9k\u00f2l \u00e9pi an sosy\u00e9t\u00e9. Microkosmos ka chach\u00e9 \u00e9d\u00e9 jenn moun d\u00e9vlop\u00e9 konpetans ki enp\u00f2tan j\u00f2di jou : konpetans de baz, konpetans ki pa t\u00e9knik m\u00e9 osi konpetans num\u00e9rik pou mond travay, lavi sosyal \u00e9pi ledikasyon.<br> Pou sav plis :<\/p>\n<\/div>\n<\/div>\n<\/div>\n<\/div>","protected":false},"excerpt":{"rendered":"<p>PARTNERS Agrupamento de Escolas do Barreiro is<\/p>","protected":false},"author":1,"featured_media":0,"parent":0,"menu_order":0,"comment_status":"closed","ping_status":"closed","template":"page-fluid.php","meta":{"_bbp_topic_count":0,"_bbp_reply_count":0,"_bbp_total_topic_count":0,"_bbp_total_reply_count":0,"_bbp_voice_count":0,"_bbp_anonymous_reply_count":0,"_bbp_topic_count_hidden":0,"_bbp_reply_count_hidden":0,"_bbp_forum_subforum_count":0,"_uag_custom_page_level_css":"","footnotes":""},"class_list":["post-33","page","type-page","status-publish","hentry"],"uagb_featured_image_src":{"full":false,"thumbnail":false,"medium":false,"medium_large":false,"large":false,"1536x1536":false,"2048x2048":false,"trp-custom-language-flag":false,"d4p-bbp-thumb":false},"uagb_author_info":{"display_name":"admin","author_link":"https:\/\/culturalmosaic.liaise-project.eu\/mwl\/author\/cultmosliaadmn\/"},"uagb_comment_info":0,"uagb_excerpt":"PARTNERS Agrupamento de Escolas do Barreiro is","_links":{"self":[{"href":"https:\/\/culturalmosaic.liaise-project.eu\/mwl\/wp-json\/wp\/v2\/pages\/33","targetHints":{"allow":["GET"]}}],"collection":[{"href":"https:\/\/culturalmosaic.liaise-project.eu\/mwl\/wp-json\/wp\/v2\/pages"}],"about":[{"href":"https:\/\/culturalmosaic.liaise-project.eu\/mwl\/wp-json\/wp\/v2\/types\/page"}],"author":[{"embeddable":true,"href":"https:\/\/culturalmosaic.liaise-project.eu\/mwl\/wp-json\/wp\/v2\/users\/1"}],"replies":[{"embeddable":true,"href":"https:\/\/culturalmosaic.liaise-project.eu\/mwl\/wp-json\/wp\/v2\/comments?post=33"}],"version-history":[{"count":2,"href":"https:\/\/culturalmosaic.liaise-project.eu\/mwl\/wp-json\/wp\/v2\/pages\/33\/revisions"}],"predecessor-version":[{"id":43,"href":"https:\/\/culturalmosaic.liaise-project.eu\/mwl\/wp-json\/wp\/v2\/pages\/33\/revisions\/43"}],"wp:attachment":[{"href":"https:\/\/culturalmosaic.liaise-project.eu\/mwl\/wp-json\/wp\/v2\/media?parent=33"}],"curies":[{"name":"wp","href":"https:\/\/api.w.org\/{rel}","templated":true}]}}