{"id":33,"date":"2025-05-09T10:23:50","date_gmt":"2025-05-09T10:23:50","guid":{"rendered":"https:\/\/culturalmosaic.liaise-project.eu\/?page_id=33"},"modified":"2025-05-09T10:51:25","modified_gmt":"2025-05-09T10:51:25","slug":"partners","status":"publish","type":"page","link":"https:\/\/culturalmosaic.liaise-project.eu\/mir\/partners\/","title":{"rendered":"Parceiros"},"content":{"rendered":"<div class=\"wp-block-uagb-container section-img uagb-block-4e28198a alignfull uagb-is-root-container\">\n<figure class=\"wp-block-image size-full\"><img loading=\"lazy\" decoding=\"async\" width=\"2350\" height=\"364\" src=\"https:\/\/culturalmosaic.liaise-project.eu\/wp-content\/uploads\/2025\/05\/8.jpg\" alt=\"8\" class=\"wp-image-19\" srcset=\"https:\/\/culturalmosaic.liaise-project.eu\/wp-content\/uploads\/2025\/05\/8.jpg 2350w, https:\/\/culturalmosaic.liaise-project.eu\/wp-content\/uploads\/2025\/05\/8-300x46.jpg 300w, https:\/\/culturalmosaic.liaise-project.eu\/wp-content\/uploads\/2025\/05\/8-1024x159.jpg 1024w, https:\/\/culturalmosaic.liaise-project.eu\/wp-content\/uploads\/2025\/05\/8-768x119.jpg 768w, https:\/\/culturalmosaic.liaise-project.eu\/wp-content\/uploads\/2025\/05\/8-1536x238.jpg 1536w, https:\/\/culturalmosaic.liaise-project.eu\/wp-content\/uploads\/2025\/05\/8-2048x317.jpg 2048w\" sizes=\"auto, (max-width: 2350px) 100vw, 2350px\" \/><\/figure>\n<\/div>\n\n\n\n<div class=\"wp-block-uagb-container main-page-partners uagb-block-da431a8e alignfull uagb-is-root-container\">\n<h2 class=\"wp-block-heading\">Parceiros<\/h2>\n\n\n\n<div data-aos= \"fade-up\" data-aos-duration=\"400\" data-aos-delay=\"0\" data-aos-easing=\"ease\" data-aos-once=\"true\" class=\"wp-block-uagb-container main-inside-white uagb-block-eea21150 alignfull uagb-is-root-container\">\n<div class=\"wp-block-columns partners-block is-layout-flex wp-container-core-columns-is-layout-9d6595d7 wp-block-columns-is-layout-flex\">\n<div class=\"wp-block-column is-layout-flow wp-block-column-is-layout-flow\" style=\"flex-basis:33.33%\"><div class=\"wp-block-image is-style-default\">\n<figure class=\"aligncenter size-full\"><img decoding=\"async\" src=\"https:\/\/liaise-project.eu\/wp-content\/uploads\/2025\/04\/barreiro.jpg\" alt=\"barreiro\" class=\"wp-image-35\"\/><\/figure><\/div><\/div>\n\n\n\n<div class=\"wp-block-column is-layout-flow wp-block-column-is-layout-flow\" style=\"flex-basis:66.66%\">\n<p class=\"translation-block\"><strong>L Agrupamiento de Scuolas de l Barreiro<\/strong> ye ua scuola p\u00fablica ne l Barreiro, Pertual. Antegra stablecimientos d'ansino de b\u00e1rios nibles, ancluindo l'eiduca\u00e7on pr\u00e9-scolar, l'ansino b\u00e1sico, l'eiduca\u00e7on d'adultos i un centro de forma\u00e7on pa l zambolbimiento profissional de porsores. La sue a\u00e7on centra-se na ouferta dua eiduca\u00e7on de culidade als sous alunos, d'acuordo culs perc\u00edpios de l multelinguismo, de la multiculturalidade i de m\u00e9todos d'ansino i daprendizaige anclusibos i acessibles.<br>Saibe ma:<\/p>\n<\/div>\n<\/div>\n\n\n\n<div class=\"wp-block-columns partners-block is-layout-flex wp-container-core-columns-is-layout-9d6595d7 wp-block-columns-is-layout-flex\">\n<div class=\"wp-block-column is-layout-flow wp-block-column-is-layout-flow\" style=\"flex-basis:33.33%\"><div class=\"wp-block-image is-style-default\">\n<figure class=\"aligncenter size-full\"><img decoding=\"async\" src=\"https:\/\/liaise-project.eu\/wp-content\/uploads\/2025\/04\/idaes.jpg\" alt=\"idaes\" class=\"wp-image-38\"\/><\/figure><\/div><\/div>\n\n\n\n<div class=\"wp-block-column is-layout-flow wp-block-column-is-layout-flow\" style=\"flex-basis:66.66%\">\n<p class=\"translation-block\"><strong>L Agrupamiento de Scuolas de Idanes<\/strong> ye ua scuola p\u00fablica an Felgueiras, Pertual. Las eniciatibas de la scuola stan alinhadas cul sou oubjetibo de promober l'ancluson i l'acessibelidade d'alunos probenientes de b\u00e1rios cuntestos eiducatibos, sociales, culturales i lhengu\u00edsticos. Para alh\u00e1 desso, promobe i apoia l sucesso acad\u00e9mico, profissional i social de ls sous alunos, fomentando al mesmo tiempo la sue cidadanie atiba i l sou ambolbimiento c\u00edbico.<br>Para saber mais:<\/p>\n<\/div>\n<\/div>\n\n\n\n<div class=\"wp-block-columns partners-block is-layout-flex wp-container-core-columns-is-layout-9d6595d7 wp-block-columns-is-layout-flex\">\n<div class=\"wp-block-column is-layout-flow wp-block-column-is-layout-flow\" style=\"flex-basis:33.33%\"><div class=\"wp-block-image is-style-default\">\n<figure class=\"aligncenter size-full\"><img decoding=\"async\" src=\"https:\/\/liaise-project.eu\/wp-content\/uploads\/2025\/04\/snt-george.jpg\" alt=\"snt george\" class=\"wp-image-37\"\/><\/figure><\/div><\/div>\n\n\n\n<div class=\"wp-block-column is-layout-flow wp-block-column-is-layout-flow\" style=\"flex-basis:66.66%\">\n<p class=\"translation-block\"><strong>Lhikio Agiou Georgiou Lhakatamias<\/strong> ye ua scuola p\u00fablica d'ansino secundairo an Nic\u00f3sia, Xipre. La scuola coloca ua fuorte \u00e9nfase ne l sucesso acad\u00e9mico, bien cumo ne l zambolbimiento pessonal, social i profissional de ls sous alunos, proporcionando-les l'ouportunidade de daprender nun ambiente anclusibo i acessible. La scuola ye reconhecida pulas sues a\u00e7ones la nible nacional i ouropeu.<br>Para saber mais:<\/p>\n<\/div>\n<\/div>\n\n\n\n<div class=\"wp-block-columns partners-block is-layout-flex wp-container-core-columns-is-layout-9d6595d7 wp-block-columns-is-layout-flex\">\n<div class=\"wp-block-column is-layout-flow wp-block-column-is-layout-flow\" style=\"flex-basis:33.33%\"><div class=\"wp-block-image is-style-default\">\n<figure class=\"aligncenter size-full\"><img decoding=\"async\" src=\"https:\/\/liaise-project.eu\/wp-content\/uploads\/2025\/04\/ciara.jpg\" alt=\"ciara\" class=\"wp-image-36\"\/><\/figure><\/div><\/div>\n\n\n\n<div class=\"wp-block-column is-layout-flow wp-block-column-is-layout-flow\" style=\"flex-basis:66.66%\">\n<p class=\"translation-block\"><strong>Comit\u00e9 Anternational Associatif de R\u00e9flexion eit Ation - Martenique (Fr\u00e1ncia)<\/strong> CIARA ye ua associa\u00e7on sediada na Martenica, an Fr\u00e1ncia, centrada na promo\u00e7on i ne l'apoio a l'antegra\u00e7on de mo\u00e7os marginalizados an ambientes eiducatibos i sociales. L'associa\u00e7on ten spri\u00e9ncia an propor i amplementar a\u00e7ones qu'abordan ls porblemas que ls mo\u00e7os i ls sous pais anfrentan na sociadade lhocal. Ne l \u00e1mbito de las sues atebidades, la CIARA ourganiza sessones de coaching, forma\u00e7on i tutoria para mo\u00e7os, studantes i profissionales.<br>Para saber mais:<\/p>\n<\/div>\n<\/div>\n\n\n\n<div class=\"wp-block-columns partners-block is-layout-flex wp-container-core-columns-is-layout-9d6595d7 wp-block-columns-is-layout-flex\">\n<div class=\"wp-block-column is-layout-flow wp-block-column-is-layout-flow\" style=\"flex-basis:33.33%\"><div class=\"wp-block-image is-style-default\">\n<figure class=\"aligncenter size-full\"><img decoding=\"async\" src=\"https:\/\/liaise-project.eu\/wp-content\/uploads\/2025\/04\/rbrussels.jpg\" alt=\"rbrussels\" class=\"wp-image-33\"\/><\/figure><\/div><\/div>\n\n\n\n<div class=\"wp-block-column is-layout-flow wp-block-column-is-layout-flow\" style=\"flex-basis:66.66%\">\n<p class=\"translation-block\"><strong>ReadLab Brussels<\/strong> ye ua ourganiza\u00e7on d'an\u00e1leze de zambolbimiento i ambestiga\u00e7on cun sede an Bruxelas, B\u00e9lgica. La prioridade de l'ourganiza\u00e7on ye apoiar anstitui\u00e7ones eiducatibas formales i nun formales nua basta gama de dom\u00ednios atrabe\u00e7 de la presta\u00e7on d'assist\u00e9ncia t\u00e9cnica. L sou ambolbimiento atibo an eniciatibas eiducatibas permitiu a la ReadLab Brussels alcan\u00e7ar un ampato seneficatibo ne l panorama eiducatibo, promobendo l'ancluson, l'acessibelidade i l crecimiento.<br>Para saber mais:<\/p>\n<\/div>\n<\/div>\n\n\n\n<div class=\"wp-block-columns partners-block is-layout-flex wp-container-core-columns-is-layout-9d6595d7 wp-block-columns-is-layout-flex\">\n<div class=\"wp-block-column is-layout-flow wp-block-column-is-layout-flow\" style=\"flex-basis:33.33%\"><div class=\"wp-block-image is-style-default\">\n<figure class=\"aligncenter size-full\"><img decoding=\"async\" src=\"https:\/\/liaise-project.eu\/wp-content\/uploads\/2025\/04\/mkosmos.jpg\" alt=\"mkosmos\" class=\"wp-image-39\"\/><\/figure><\/div><\/div>\n\n\n\n<div class=\"wp-block-column is-layout-flow wp-block-column-is-layout-flow\" style=\"flex-basis:66.66%\">\n<p class=\"translation-block\"><strong>Associa\u00e7on cultural italo-heil\u00e9nica pa la forma\u00e7on \u201cMicrokosmos\u201d - Eit\u00e1lia<\/strong> Microkosmos ye ua associa\u00e7on cultural i eiducacional sin fines lhucratibos an Turin, Eit\u00e1lia. L trabalho de l'associa\u00e7on baseia-se ne ls perc\u00edpios de la sustentabelidade, acessibelidade i ancluson, apoiando atibamente l'eigualdade d'acesso a cuntestos eiducatibos i sociales para todos ls andib\u00edduos. La Microkosmos ourienta l sou trabalho ne l sentido de fornecer als mo\u00e7os las cumpet\u00e9ncias b\u00e1sicas digitales i sociales ne\u00e7airas para nabeg\u00e1ren nas rialidades profissionales, sociales i eiducatibas modernas.<br>Para saber mais:<\/p>\n<\/div>\n<\/div>\n<\/div>\n<\/div>","protected":false},"excerpt":{"rendered":"<p>PARTNERS Agrupamento de Escolas do Barreiro is<\/p>","protected":false},"author":1,"featured_media":0,"parent":0,"menu_order":0,"comment_status":"closed","ping_status":"closed","template":"page-fluid.php","meta":{"_bbp_topic_count":0,"_bbp_reply_count":0,"_bbp_total_topic_count":0,"_bbp_total_reply_count":0,"_bbp_voice_count":0,"_bbp_anonymous_reply_count":0,"_bbp_topic_count_hidden":0,"_bbp_reply_count_hidden":0,"_bbp_forum_subforum_count":0,"_uag_custom_page_level_css":"","footnotes":""},"class_list":["post-33","page","type-page","status-publish","hentry"],"uagb_featured_image_src":{"full":false,"thumbnail":false,"medium":false,"medium_large":false,"large":false,"1536x1536":false,"2048x2048":false,"trp-custom-language-flag":false,"d4p-bbp-thumb":false},"uagb_author_info":{"display_name":"admin","author_link":"https:\/\/culturalmosaic.liaise-project.eu\/mir\/author\/cultmosliaadmn\/"},"uagb_comment_info":0,"uagb_excerpt":"PARTNERS Agrupamento de Escolas do Barreiro is","_links":{"self":[{"href":"https:\/\/culturalmosaic.liaise-project.eu\/mir\/wp-json\/wp\/v2\/pages\/33","targetHints":{"allow":["GET"]}}],"collection":[{"href":"https:\/\/culturalmosaic.liaise-project.eu\/mir\/wp-json\/wp\/v2\/pages"}],"about":[{"href":"https:\/\/culturalmosaic.liaise-project.eu\/mir\/wp-json\/wp\/v2\/types\/page"}],"author":[{"embeddable":true,"href":"https:\/\/culturalmosaic.liaise-project.eu\/mir\/wp-json\/wp\/v2\/users\/1"}],"replies":[{"embeddable":true,"href":"https:\/\/culturalmosaic.liaise-project.eu\/mir\/wp-json\/wp\/v2\/comments?post=33"}],"version-history":[{"count":2,"href":"https:\/\/culturalmosaic.liaise-project.eu\/mir\/wp-json\/wp\/v2\/pages\/33\/revisions"}],"predecessor-version":[{"id":43,"href":"https:\/\/culturalmosaic.liaise-project.eu\/mir\/wp-json\/wp\/v2\/pages\/33\/revisions\/43"}],"wp:attachment":[{"href":"https:\/\/culturalmosaic.liaise-project.eu\/mir\/wp-json\/wp\/v2\/media?parent=33"}],"curies":[{"name":"wp","href":"https:\/\/api.w.org\/{rel}","templated":true}]}}